{"id":3697,"date":"2023-02-20T22:10:50","date_gmt":"2023-02-20T22:10:50","guid":{"rendered":"https:\/\/salonlfclaval.com\/?page_id=3697"},"modified":"2026-01-19T13:38:12","modified_gmt":"2026-01-19T18:38:12","slug":"avis-de-deces","status":"publish","type":"page","link":"https:\/\/salonlfcrivenord.com\/en\/avis-de-deces\/","title":{"rendered":"Obituary"},"content":{"rendered":"<div data-elementor-type=\"wp-page\" data-elementor-id=\"3697\" class=\"elementor elementor-3697\" data-elementor-post-type=\"page\">\n\t\t\t\t\t\t<section class=\"elementor-section elementor-top-section elementor-element elementor-element-45df365 elementor-section-height-min-height elementor-section-boxed elementor-section-height-default elementor-section-items-middle\" data-id=\"45df365\" data-element_type=\"section\">\n\t\t\t\t\t\t\t<div class=\"elementor-background-overlay\"><\/div>\n\t\t\t\t\t\t\t<div class=\"elementor-container elementor-column-gap-default\">\n\t\t\t\t\t<div class=\"elementor-column elementor-col-100 elementor-top-column elementor-element elementor-element-d97708d\" data-id=\"d97708d\" data-element_type=\"column\">\n\t\t\t<div class=\"elementor-widget-wrap elementor-element-populated\">\n\t\t\t\t\t\t<div class=\"elementor-element elementor-element-f51ed0d elementor-widget elementor-widget-heading\" data-id=\"f51ed0d\" data-element_type=\"widget\" data-widget_type=\"heading.default\">\n\t\t\t\t<div class=\"elementor-widget-container\">\n\t\t\t\t\t<h1 class=\"elementor-heading-title elementor-size-default\">Obituaries and condolences<\/h1>\t\t\t\t<\/div>\n\t\t\t\t<\/div>\n\t\t\t\t\t<\/div>\n\t\t<\/div>\n\t\t\t\t\t<\/div>\n\t\t<\/section>\n\t\t\t\t<section class=\"elementor-section elementor-top-section elementor-element elementor-element-361bcd9 elementor-section-stretched elementor-section-boxed elementor-section-height-default elementor-section-height-default\" data-id=\"361bcd9\" data-element_type=\"section\" data-settings=\"{&quot;stretch_section&quot;:&quot;section-stretched&quot;}\">\n\t\t\t\t\t\t<div class=\"elementor-container elementor-column-gap-default\">\n\t\t\t\t\t<div class=\"elementor-column elementor-col-100 elementor-top-column elementor-element elementor-element-a18a493\" data-id=\"a18a493\" data-element_type=\"column\">\n\t\t\t<div class=\"elementor-widget-wrap elementor-element-populated\">\n\t\t\t\t\t\t<div class=\"elementor-element elementor-element-a257ac6 elementor-widget elementor-widget-heading\" data-id=\"a257ac6\" data-element_type=\"widget\" data-widget_type=\"heading.default\">\n\t\t\t\t<div class=\"elementor-widget-container\">\n\t\t\t\t\t<h2 class=\"elementor-heading-title elementor-size-default\">Find an obituary<\/h2>\t\t\t\t<\/div>\n\t\t\t\t<\/div>\n\t\t\t\t<div class=\"elementor-element elementor-element-ef1cc8f elementor-widget elementor-widget-text-editor\" data-id=\"ef1cc8f\" data-element_type=\"widget\" data-widget_type=\"text-editor.default\">\n\t\t\t\t<div class=\"elementor-widget-container\">\n\t\t\t\t\t\t\t\t\t<p>Enter the person's name in the search bar.<\/p>\t\t\t\t\t\t\t\t<\/div>\n\t\t\t\t<\/div>\n\t\t\t\t<div class=\"elementor-element elementor-element-b4d14d6 elementor-widget elementor-widget-shortcode\" data-id=\"b4d14d6\" data-element_type=\"widget\" data-widget_type=\"shortcode.default\">\n\t\t\t\t<div class=\"elementor-widget-container\">\n\t\t\t\t\t\t\t<div class=\"elementor-shortcode\"><form  class=\"is-search-form is-form-style is-form-style-3 is-form-id-4610\" action=\"https:\/\/salonlfcrivenord.com\/en\/\" method=\"get\" role=\"search\" data-trp-original-action=\"https:\/\/salonlfcrivenord.com\/en\/\" ><label for=\"is-search-input-4610\"><span class=\"is-screen-reader-text\">Search for:<\/span><input  type=\"search\" id=\"is-search-input-4610\" name=\"s\" value=\"\" class=\"is-search-input\" placeholder=\"Enter full name\" autocomplete=\"off\" \/><\/label><button type=\"submit\" class=\"is-search-submit\"><span class=\"is-screen-reader-text\">Search Button<\/span><span class=\"is-search-icon\"><svg focusable=\"false\" aria-label=\"Search\" xmlns=\"http:\/\/www.w3.org\/2000\/svg\" viewbox=\"0 0 24 24\" width=\"24px\"><path d=\"M15.5 14h-.79l-.28-.27C15.41 12.59 16 11.11 16 9.5 16 5.91 13.09 3 9.5 3S3 5.91 3 9.5 5.91 16 9.5 16c1.61 0 3.09-.59 4.23-1.57l.27.28v.79l5 4.99L20.49 19l-4.99-5zm-6 0C7.01 14 5 11.99 5 9.5S7.01 5 9.5 5 14 7.01 14 9.5 11.99 14 9.5 14z\"><\/path><\/svg><\/span><\/button><input type=\"hidden\" name=\"id\" value=\"4610\" \/><input type=\"hidden\" name=\"trp-form-language\" value=\"en\"\/><\/form><\/div>\n\t\t\t\t\t\t<\/div>\n\t\t\t\t<\/div>\n\t\t\t\t\t<\/div>\n\t\t<\/div>\n\t\t\t\t\t<\/div>\n\t\t<\/section>\n\t\t\t\t<section class=\"elementor-section elementor-top-section elementor-element elementor-element-db56fbd elementor-section-boxed elementor-section-height-default elementor-section-height-default\" data-id=\"db56fbd\" data-element_type=\"section\">\n\t\t\t\t\t\t<div class=\"elementor-container elementor-column-gap-default\">\n\t\t\t\t\t<div class=\"elementor-column elementor-col-100 elementor-top-column elementor-element elementor-element-d493dbb\" data-id=\"d493dbb\" data-element_type=\"column\">\n\t\t\t<div class=\"elementor-widget-wrap elementor-element-populated\">\n\t\t\t\t\t\t<div class=\"elementor-element elementor-element-46fee69 elementor-grid-6 elementor-grid-tablet-3 elementor-grid-mobile-2 elementor-posts--thumbnail-top elementor-widget elementor-widget-posts\" data-id=\"46fee69\" data-element_type=\"widget\" data-settings=\"{&quot;classic_columns&quot;:&quot;6&quot;,&quot;pagination_type&quot;:&quot;numbers&quot;,&quot;classic_columns_tablet&quot;:&quot;3&quot;,&quot;classic_columns_mobile&quot;:&quot;2&quot;,&quot;classic_row_gap&quot;:{&quot;unit&quot;:&quot;px&quot;,&quot;size&quot;:35,&quot;sizes&quot;:[]},&quot;classic_row_gap_tablet&quot;:{&quot;unit&quot;:&quot;px&quot;,&quot;size&quot;:&quot;&quot;,&quot;sizes&quot;:[]},&quot;classic_row_gap_mobile&quot;:{&quot;unit&quot;:&quot;px&quot;,&quot;size&quot;:&quot;&quot;,&quot;sizes&quot;:[]}}\" data-widget_type=\"posts.classic\">\n\t\t\t\t<div class=\"elementor-widget-container\">\n\t\t\t\t\t\t\t<div class=\"elementor-posts-container elementor-posts elementor-posts--skin-classic elementor-grid\">\n\t\t\t\t<article class=\"elementor-post elementor-grid-item post-11419 post type-post status-publish format-standard has-post-thumbnail hentry category-uncategorized\">\n\t\t\t\t<a class=\"elementor-post__thumbnail__link\" href=\"https:\/\/salonlfcrivenord.com\/en\/2026\/04\/27\/vianney-guilban\/\" tabindex=\"-1\" >\n\t\t\t<div class=\"elementor-post__thumbnail\"><img fetchpriority=\"high\" decoding=\"async\" width=\"239\" height=\"300\" src=\"https:\/\/salonlfcrivenord.com\/wp-content\/uploads\/2026\/04\/Vianney-Guilban2-239x300.jpg\" class=\"attachment-medium size-medium wp-image-11421\" alt=\"\" srcset=\"https:\/\/salonlfcrivenord.com\/wp-content\/uploads\/2026\/04\/Vianney-Guilban2-239x300.jpg 239w, https:\/\/salonlfcrivenord.com\/wp-content\/uploads\/2026\/04\/Vianney-Guilban2-10x12.jpg 10w, https:\/\/salonlfcrivenord.com\/wp-content\/uploads\/2026\/04\/Vianney-Guilban2.jpg 596w\" sizes=\"(max-width: 239px) 100vw, 239px\" \/><\/div>\n\t\t<\/a>\n\t\t\t\t<div class=\"elementor-post__text\">\n\t\t\t\t<h3 class=\"elementor-post__title\">\n\t\t\t<a href=\"https:\/\/salonlfcrivenord.com\/en\/2026\/04\/27\/vianney-guilban\/\" >\n\t\t\t\tVianney Guilban\t\t\t<\/a>\n\t\t<\/h3>\n\t\t\t\t<div class=\"elementor-post__meta-data\">\n\t\t\t\t\t<span class=\"elementor-post-date\">\n\t\t\tApril 27, 2026\t\t<\/span>\n\t\t\t\t<\/div>\n\t\t\n\t\t<a class=\"elementor-post__read-more\" href=\"https:\/\/salonlfcrivenord.com\/en\/2026\/04\/27\/vianney-guilban\/\" aria-label=\"Read more about Vianney Guilban\" tabindex=\"-1\" >\n\t\t\tView obituary \u00bb\t\t<\/a>\n\n\t\t\t\t<\/div>\n\t\t\t\t<\/article>\n\t\t\t\t<article class=\"elementor-post elementor-grid-item post-11412 post type-post status-publish format-standard has-post-thumbnail hentry category-uncategorized\">\n\t\t\t\t<a class=\"elementor-post__thumbnail__link\" href=\"https:\/\/salonlfcrivenord.com\/en\/2026\/04\/24\/roger-guilbault\/\" tabindex=\"-1\" >\n\t\t\t<div class=\"elementor-post__thumbnail\"><img decoding=\"async\" width=\"255\" height=\"300\" src=\"https:\/\/salonlfcrivenord.com\/wp-content\/uploads\/2026\/04\/roger-Guilbault-255x300.jpg\" class=\"attachment-medium size-medium wp-image-11414\" alt=\"\" srcset=\"https:\/\/salonlfcrivenord.com\/wp-content\/uploads\/2026\/04\/roger-Guilbault-255x300.jpg 255w, https:\/\/salonlfcrivenord.com\/wp-content\/uploads\/2026\/04\/roger-Guilbault-869x1024.jpg 869w, https:\/\/salonlfcrivenord.com\/wp-content\/uploads\/2026\/04\/roger-Guilbault-768x905.jpg 768w, https:\/\/salonlfcrivenord.com\/wp-content\/uploads\/2026\/04\/roger-Guilbault-10x12.jpg 10w, https:\/\/salonlfcrivenord.com\/wp-content\/uploads\/2026\/04\/roger-Guilbault-600x707.jpg 600w, https:\/\/salonlfcrivenord.com\/wp-content\/uploads\/2026\/04\/roger-Guilbault.jpg 909w\" sizes=\"(max-width: 255px) 100vw, 255px\" \/><\/div>\n\t\t<\/a>\n\t\t\t\t<div class=\"elementor-post__text\">\n\t\t\t\t<h3 class=\"elementor-post__title\">\n\t\t\t<a href=\"https:\/\/salonlfcrivenord.com\/en\/2026\/04\/24\/roger-guilbault\/\" >\n\t\t\t\tRoger Guilbault\t\t\t<\/a>\n\t\t<\/h3>\n\t\t\t\t<div class=\"elementor-post__meta-data\">\n\t\t\t\t\t<span class=\"elementor-post-date\">\n\t\t\tApril 24, 2026\t\t<\/span>\n\t\t\t\t<\/div>\n\t\t\n\t\t<a class=\"elementor-post__read-more\" href=\"https:\/\/salonlfcrivenord.com\/en\/2026\/04\/24\/roger-guilbault\/\" aria-label=\"Read more about Roger Guilbault\" tabindex=\"-1\" >\n\t\t\tView obituary \u00bb\t\t<\/a>\n\n\t\t\t\t<\/div>\n\t\t\t\t<\/article>\n\t\t\t\t<article class=\"elementor-post elementor-grid-item post-11406 post type-post status-publish format-standard has-post-thumbnail hentry category-uncategorized\">\n\t\t\t\t<a class=\"elementor-post__thumbnail__link\" href=\"https:\/\/salonlfcrivenord.com\/en\/2026\/04\/24\/gilles-bourdon\/\" tabindex=\"-1\" >\n\t\t\t<div class=\"elementor-post__thumbnail\"><img decoding=\"async\" width=\"274\" height=\"300\" src=\"https:\/\/salonlfcrivenord.com\/wp-content\/uploads\/2026\/04\/PHOTO-GILLES-BOURDON-274x300.jpg\" class=\"attachment-medium size-medium wp-image-11407\" alt=\"\" srcset=\"https:\/\/salonlfcrivenord.com\/wp-content\/uploads\/2026\/04\/PHOTO-GILLES-BOURDON-274x300.jpg 274w, https:\/\/salonlfcrivenord.com\/wp-content\/uploads\/2026\/04\/PHOTO-GILLES-BOURDON-11x12.jpg 11w, https:\/\/salonlfcrivenord.com\/wp-content\/uploads\/2026\/04\/PHOTO-GILLES-BOURDON.jpg 426w\" sizes=\"(max-width: 274px) 100vw, 274px\" \/><\/div>\n\t\t<\/a>\n\t\t\t\t<div class=\"elementor-post__text\">\n\t\t\t\t<h3 class=\"elementor-post__title\">\n\t\t\t<a href=\"https:\/\/salonlfcrivenord.com\/en\/2026\/04\/24\/gilles-bourdon\/\" >\n\t\t\t\tGilles Bourdon\t\t\t<\/a>\n\t\t<\/h3>\n\t\t\t\t<div class=\"elementor-post__meta-data\">\n\t\t\t\t\t<span class=\"elementor-post-date\">\n\t\t\tApril 24, 2026\t\t<\/span>\n\t\t\t\t<\/div>\n\t\t\n\t\t<a class=\"elementor-post__read-more\" href=\"https:\/\/salonlfcrivenord.com\/en\/2026\/04\/24\/gilles-bourdon\/\" aria-label=\"Read more about Gilles Bourdon\" tabindex=\"-1\" >\n\t\t\tView obituary \u00bb\t\t<\/a>\n\n\t\t\t\t<\/div>\n\t\t\t\t<\/article>\n\t\t\t\t<article class=\"elementor-post elementor-grid-item post-11396 post type-post status-publish format-standard has-post-thumbnail hentry category-uncategorized\">\n\t\t\t\t<a class=\"elementor-post__thumbnail__link\" href=\"https:\/\/salonlfcrivenord.com\/en\/2026\/04\/22\/pauline-ouimet\/\" tabindex=\"-1\" >\n\t\t\t<div class=\"elementor-post__thumbnail\"><img loading=\"lazy\" decoding=\"async\" width=\"295\" height=\"300\" src=\"https:\/\/salonlfcrivenord.com\/wp-content\/uploads\/2026\/04\/Pauline-Ouimet2-1-295x300.jpg\" class=\"attachment-medium size-medium wp-image-11399\" alt=\"\" srcset=\"https:\/\/salonlfcrivenord.com\/wp-content\/uploads\/2026\/04\/Pauline-Ouimet2-1-295x300.jpg 295w, https:\/\/salonlfcrivenord.com\/wp-content\/uploads\/2026\/04\/Pauline-Ouimet2-1-1008x1024.jpg 1008w, https:\/\/salonlfcrivenord.com\/wp-content\/uploads\/2026\/04\/Pauline-Ouimet2-1-768x780.jpg 768w, https:\/\/salonlfcrivenord.com\/wp-content\/uploads\/2026\/04\/Pauline-Ouimet2-1-12x12.jpg 12w, https:\/\/salonlfcrivenord.com\/wp-content\/uploads\/2026\/04\/Pauline-Ouimet2-1-600x610.jpg 600w, https:\/\/salonlfcrivenord.com\/wp-content\/uploads\/2026\/04\/Pauline-Ouimet2-1.jpg 1512w\" sizes=\"(max-width: 295px) 100vw, 295px\" \/><\/div>\n\t\t<\/a>\n\t\t\t\t<div class=\"elementor-post__text\">\n\t\t\t\t<h3 class=\"elementor-post__title\">\n\t\t\t<a href=\"https:\/\/salonlfcrivenord.com\/en\/2026\/04\/22\/pauline-ouimet\/\" >\n\t\t\t\tPauline Ouimet\t\t\t<\/a>\n\t\t<\/h3>\n\t\t\t\t<div class=\"elementor-post__meta-data\">\n\t\t\t\t\t<span class=\"elementor-post-date\">\n\t\t\tApril 22, 2026\t\t<\/span>\n\t\t\t\t<\/div>\n\t\t\n\t\t<a class=\"elementor-post__read-more\" href=\"https:\/\/salonlfcrivenord.com\/en\/2026\/04\/22\/pauline-ouimet\/\" aria-label=\"Read more about Pauline Ouimet\" tabindex=\"-1\" >\n\t\t\tView obituary \u00bb\t\t<\/a>\n\n\t\t\t\t<\/div>\n\t\t\t\t<\/article>\n\t\t\t\t<article class=\"elementor-post elementor-grid-item post-11385 post type-post status-publish format-standard has-post-thumbnail hentry category-uncategorized\">\n\t\t\t\t<a class=\"elementor-post__thumbnail__link\" href=\"https:\/\/salonlfcrivenord.com\/en\/2026\/04\/21\/yves-bernard-lavallee\/\" tabindex=\"-1\" >\n\t\t\t<div class=\"elementor-post__thumbnail\"><img loading=\"lazy\" decoding=\"async\" width=\"214\" height=\"300\" src=\"https:\/\/salonlfcrivenord.com\/wp-content\/uploads\/2026\/04\/PHOTO-YVES-BERNARD-LAVALLEE-214x300.png\" class=\"attachment-medium size-medium wp-image-11392\" alt=\"\" srcset=\"https:\/\/salonlfcrivenord.com\/wp-content\/uploads\/2026\/04\/PHOTO-YVES-BERNARD-LAVALLEE-214x300.png 214w, https:\/\/salonlfcrivenord.com\/wp-content\/uploads\/2026\/04\/PHOTO-YVES-BERNARD-LAVALLEE-731x1024.png 731w, https:\/\/salonlfcrivenord.com\/wp-content\/uploads\/2026\/04\/PHOTO-YVES-BERNARD-LAVALLEE-768x1075.png 768w, https:\/\/salonlfcrivenord.com\/wp-content\/uploads\/2026\/04\/PHOTO-YVES-BERNARD-LAVALLEE-9x12.png 9w, https:\/\/salonlfcrivenord.com\/wp-content\/uploads\/2026\/04\/PHOTO-YVES-BERNARD-LAVALLEE-600x840.png 600w, https:\/\/salonlfcrivenord.com\/wp-content\/uploads\/2026\/04\/PHOTO-YVES-BERNARD-LAVALLEE.png 1060w\" sizes=\"(max-width: 214px) 100vw, 214px\" \/><\/div>\n\t\t<\/a>\n\t\t\t\t<div class=\"elementor-post__text\">\n\t\t\t\t<h3 class=\"elementor-post__title\">\n\t\t\t<a href=\"https:\/\/salonlfcrivenord.com\/en\/2026\/04\/21\/yves-bernard-lavallee\/\" >\n\t\t\t\tYves Bernard Lavall\u00e9e\t\t\t<\/a>\n\t\t<\/h3>\n\t\t\t\t<div class=\"elementor-post__meta-data\">\n\t\t\t\t\t<span class=\"elementor-post-date\">\n\t\t\tApril 21, 2026\t\t<\/span>\n\t\t\t\t<\/div>\n\t\t\n\t\t<a class=\"elementor-post__read-more\" href=\"https:\/\/salonlfcrivenord.com\/en\/2026\/04\/21\/yves-bernard-lavallee\/\" aria-label=\"Read more about Yves Bernard Lavall\u00e9e\" tabindex=\"-1\" >\n\t\t\tView obituary \u00bb\t\t<\/a>\n\n\t\t\t\t<\/div>\n\t\t\t\t<\/article>\n\t\t\t\t<article class=\"elementor-post elementor-grid-item post-11363 post type-post status-publish format-standard has-post-thumbnail hentry category-uncategorized\">\n\t\t\t\t<a class=\"elementor-post__thumbnail__link\" href=\"https:\/\/salonlfcrivenord.com\/en\/2026\/04\/20\/louise-poirier\/\" tabindex=\"-1\" >\n\t\t\t<div class=\"elementor-post__thumbnail\"><img loading=\"lazy\" decoding=\"async\" width=\"233\" height=\"300\" src=\"https:\/\/salonlfcrivenord.com\/wp-content\/uploads\/2026\/04\/PHOTO-LOUISE-POIRIER-1-233x300.jpg\" class=\"attachment-medium size-medium wp-image-11379\" alt=\"\" srcset=\"https:\/\/salonlfcrivenord.com\/wp-content\/uploads\/2026\/04\/PHOTO-LOUISE-POIRIER-1-233x300.jpg 233w, https:\/\/salonlfcrivenord.com\/wp-content\/uploads\/2026\/04\/PHOTO-LOUISE-POIRIER-1-797x1024.jpg 797w, https:\/\/salonlfcrivenord.com\/wp-content\/uploads\/2026\/04\/PHOTO-LOUISE-POIRIER-1-768x987.jpg 768w, https:\/\/salonlfcrivenord.com\/wp-content\/uploads\/2026\/04\/PHOTO-LOUISE-POIRIER-1-9x12.jpg 9w, https:\/\/salonlfcrivenord.com\/wp-content\/uploads\/2026\/04\/PHOTO-LOUISE-POIRIER-1-600x771.jpg 600w, https:\/\/salonlfcrivenord.com\/wp-content\/uploads\/2026\/04\/PHOTO-LOUISE-POIRIER-1.jpg 1080w\" sizes=\"(max-width: 233px) 100vw, 233px\" \/><\/div>\n\t\t<\/a>\n\t\t\t\t<div class=\"elementor-post__text\">\n\t\t\t\t<h3 class=\"elementor-post__title\">\n\t\t\t<a href=\"https:\/\/salonlfcrivenord.com\/en\/2026\/04\/20\/louise-poirier\/\" >\n\t\t\t\tLouise Poirier\t\t\t<\/a>\n\t\t<\/h3>\n\t\t\t\t<div class=\"elementor-post__meta-data\">\n\t\t\t\t\t<span class=\"elementor-post-date\">\n\t\t\tApril 20, 2026\t\t<\/span>\n\t\t\t\t<\/div>\n\t\t\n\t\t<a class=\"elementor-post__read-more\" href=\"https:\/\/salonlfcrivenord.com\/en\/2026\/04\/20\/louise-poirier\/\" aria-label=\"Read more about Louise Poirier\" tabindex=\"-1\" >\n\t\t\tView obituary \u00bb\t\t<\/a>\n\n\t\t\t\t<\/div>\n\t\t\t\t<\/article>\n\t\t\t\t<article class=\"elementor-post elementor-grid-item post-11356 post type-post status-publish format-standard has-post-thumbnail hentry category-uncategorized\">\n\t\t\t\t<a class=\"elementor-post__thumbnail__link\" href=\"https:\/\/salonlfcrivenord.com\/en\/2026\/04\/20\/sean-larcheveque\/\" tabindex=\"-1\" >\n\t\t\t<div class=\"elementor-post__thumbnail\"><img loading=\"lazy\" decoding=\"async\" width=\"232\" height=\"300\" src=\"https:\/\/salonlfcrivenord.com\/wp-content\/uploads\/2026\/04\/PHOTO-SEAN-LARCHEVEQUE-232x300.jpg\" class=\"attachment-medium size-medium wp-image-11358\" alt=\"\" srcset=\"https:\/\/salonlfcrivenord.com\/wp-content\/uploads\/2026\/04\/PHOTO-SEAN-LARCHEVEQUE-232x300.jpg 232w, https:\/\/salonlfcrivenord.com\/wp-content\/uploads\/2026\/04\/PHOTO-SEAN-LARCHEVEQUE-9x12.jpg 9w, https:\/\/salonlfcrivenord.com\/wp-content\/uploads\/2026\/04\/PHOTO-SEAN-LARCHEVEQUE-600x776.jpg 600w, https:\/\/salonlfcrivenord.com\/wp-content\/uploads\/2026\/04\/PHOTO-SEAN-LARCHEVEQUE.jpg 750w\" sizes=\"(max-width: 232px) 100vw, 232px\" \/><\/div>\n\t\t<\/a>\n\t\t\t\t<div class=\"elementor-post__text\">\n\t\t\t\t<h3 class=\"elementor-post__title\">\n\t\t\t<a href=\"https:\/\/salonlfcrivenord.com\/en\/2026\/04\/20\/sean-larcheveque\/\" >\n\t\t\t\tSean L&rsquo;Archeveque\t\t\t<\/a>\n\t\t<\/h3>\n\t\t\t\t<div class=\"elementor-post__meta-data\">\n\t\t\t\t\t<span class=\"elementor-post-date\">\n\t\t\tApril 20, 2026\t\t<\/span>\n\t\t\t\t<\/div>\n\t\t\n\t\t<a class=\"elementor-post__read-more\" href=\"https:\/\/salonlfcrivenord.com\/en\/2026\/04\/20\/sean-larcheveque\/\" aria-label=\"Read more about Sean L&rsquo;Archeveque\" tabindex=\"-1\" >\n\t\t\tView obituary \u00bb\t\t<\/a>\n\n\t\t\t\t<\/div>\n\t\t\t\t<\/article>\n\t\t\t\t<article class=\"elementor-post elementor-grid-item post-11337 post type-post status-publish format-standard has-post-thumbnail hentry category-uncategorized\">\n\t\t\t\t<a class=\"elementor-post__thumbnail__link\" href=\"https:\/\/salonlfcrivenord.com\/en\/2026\/04\/16\/marc-andre-caouette\/\" tabindex=\"-1\" >\n\t\t\t<div class=\"elementor-post__thumbnail\"><img loading=\"lazy\" decoding=\"async\" width=\"172\" height=\"176\" src=\"https:\/\/salonlfcrivenord.com\/wp-content\/uploads\/2026\/04\/Photo-Marc-Andre-Caouette.jpg\" class=\"attachment-medium size-medium wp-image-11338\" alt=\"\" srcset=\"https:\/\/salonlfcrivenord.com\/wp-content\/uploads\/2026\/04\/Photo-Marc-Andre-Caouette.jpg 172w, https:\/\/salonlfcrivenord.com\/wp-content\/uploads\/2026\/04\/Photo-Marc-Andre-Caouette-12x12.jpg 12w\" sizes=\"(max-width: 172px) 100vw, 172px\" \/><\/div>\n\t\t<\/a>\n\t\t\t\t<div class=\"elementor-post__text\">\n\t\t\t\t<h3 class=\"elementor-post__title\">\n\t\t\t<a href=\"https:\/\/salonlfcrivenord.com\/en\/2026\/04\/16\/marc-andre-caouette\/\" >\n\t\t\t\tMarc-Andr\u00e9 Caouette\t\t\t<\/a>\n\t\t<\/h3>\n\t\t\t\t<div class=\"elementor-post__meta-data\">\n\t\t\t\t\t<span class=\"elementor-post-date\">\n\t\t\tApril 16, 2026\t\t<\/span>\n\t\t\t\t<\/div>\n\t\t\n\t\t<a class=\"elementor-post__read-more\" href=\"https:\/\/salonlfcrivenord.com\/en\/2026\/04\/16\/marc-andre-caouette\/\" aria-label=\"Read more about Marc-Andr\u00e9 Caouette\" tabindex=\"-1\" >\n\t\t\tView obituary \u00bb\t\t<\/a>\n\n\t\t\t\t<\/div>\n\t\t\t\t<\/article>\n\t\t\t\t<article class=\"elementor-post elementor-grid-item post-11330 post type-post status-publish format-standard has-post-thumbnail hentry category-uncategorized\">\n\t\t\t\t<a class=\"elementor-post__thumbnail__link\" href=\"https:\/\/salonlfcrivenord.com\/en\/2026\/04\/15\/gervaise-brabant\/\" tabindex=\"-1\" >\n\t\t\t<div class=\"elementor-post__thumbnail\"><img loading=\"lazy\" decoding=\"async\" width=\"225\" height=\"300\" src=\"https:\/\/salonlfcrivenord.com\/wp-content\/uploads\/2026\/04\/Mme-Brabant-225x300.jpeg\" class=\"attachment-medium size-medium wp-image-11331\" alt=\"\" srcset=\"https:\/\/salonlfcrivenord.com\/wp-content\/uploads\/2026\/04\/Mme-Brabant-225x300.jpeg 225w, https:\/\/salonlfcrivenord.com\/wp-content\/uploads\/2026\/04\/Mme-Brabant-9x12.jpeg 9w, https:\/\/salonlfcrivenord.com\/wp-content\/uploads\/2026\/04\/Mme-Brabant.jpeg 240w\" sizes=\"(max-width: 225px) 100vw, 225px\" \/><\/div>\n\t\t<\/a>\n\t\t\t\t<div class=\"elementor-post__text\">\n\t\t\t\t<h3 class=\"elementor-post__title\">\n\t\t\t<a href=\"https:\/\/salonlfcrivenord.com\/en\/2026\/04\/15\/gervaise-brabant\/\" >\n\t\t\t\tGervaise Brabant\t\t\t<\/a>\n\t\t<\/h3>\n\t\t\t\t<div class=\"elementor-post__meta-data\">\n\t\t\t\t\t<span class=\"elementor-post-date\">\n\t\t\tApril 15, 2026\t\t<\/span>\n\t\t\t\t<\/div>\n\t\t\n\t\t<a class=\"elementor-post__read-more\" href=\"https:\/\/salonlfcrivenord.com\/en\/2026\/04\/15\/gervaise-brabant\/\" aria-label=\"Read more about Gervaise Brabant\" tabindex=\"-1\" >\n\t\t\tView obituary \u00bb\t\t<\/a>\n\n\t\t\t\t<\/div>\n\t\t\t\t<\/article>\n\t\t\t\t<article class=\"elementor-post elementor-grid-item post-11323 post type-post status-publish format-standard has-post-thumbnail hentry category-uncategorized\">\n\t\t\t\t<a class=\"elementor-post__thumbnail__link\" href=\"https:\/\/salonlfcrivenord.com\/en\/2026\/04\/02\/natale-pizzichemi\/\" tabindex=\"-1\" >\n\t\t\t<div class=\"elementor-post__thumbnail\"><img loading=\"lazy\" decoding=\"async\" width=\"300\" height=\"300\" src=\"https:\/\/salonlfcrivenord.com\/wp-content\/uploads\/2026\/04\/PHOTO-NATALE-PIZZICHEMI-300x300.jpg\" class=\"attachment-medium size-medium wp-image-11324\" alt=\"\" srcset=\"https:\/\/salonlfcrivenord.com\/wp-content\/uploads\/2026\/04\/PHOTO-NATALE-PIZZICHEMI-300x300.jpg 300w, https:\/\/salonlfcrivenord.com\/wp-content\/uploads\/2026\/04\/PHOTO-NATALE-PIZZICHEMI-150x150.jpg 150w, https:\/\/salonlfcrivenord.com\/wp-content\/uploads\/2026\/04\/PHOTO-NATALE-PIZZICHEMI-768x768.jpg 768w, https:\/\/salonlfcrivenord.com\/wp-content\/uploads\/2026\/04\/PHOTO-NATALE-PIZZICHEMI-12x12.jpg 12w, https:\/\/salonlfcrivenord.com\/wp-content\/uploads\/2026\/04\/PHOTO-NATALE-PIZZICHEMI-600x600.jpg 600w, https:\/\/salonlfcrivenord.com\/wp-content\/uploads\/2026\/04\/PHOTO-NATALE-PIZZICHEMI-100x100.jpg 100w, https:\/\/salonlfcrivenord.com\/wp-content\/uploads\/2026\/04\/PHOTO-NATALE-PIZZICHEMI.jpg 932w\" sizes=\"(max-width: 300px) 100vw, 300px\" \/><\/div>\n\t\t<\/a>\n\t\t\t\t<div class=\"elementor-post__text\">\n\t\t\t\t<h3 class=\"elementor-post__title\">\n\t\t\t<a href=\"https:\/\/salonlfcrivenord.com\/en\/2026\/04\/02\/natale-pizzichemi\/\" >\n\t\t\t\tNatale Pizzichemi\t\t\t<\/a>\n\t\t<\/h3>\n\t\t\t\t<div class=\"elementor-post__meta-data\">\n\t\t\t\t\t<span class=\"elementor-post-date\">\n\t\t\tApril 2, 2026\t\t<\/span>\n\t\t\t\t<\/div>\n\t\t\n\t\t<a class=\"elementor-post__read-more\" href=\"https:\/\/salonlfcrivenord.com\/en\/2026\/04\/02\/natale-pizzichemi\/\" aria-label=\"Read more about Natale Pizzichemi\" tabindex=\"-1\" >\n\t\t\tView obituary \u00bb\t\t<\/a>\n\n\t\t\t\t<\/div>\n\t\t\t\t<\/article>\n\t\t\t\t<article class=\"elementor-post elementor-grid-item post-11317 post type-post status-publish format-standard has-post-thumbnail hentry category-uncategorized\">\n\t\t\t\t<a class=\"elementor-post__thumbnail__link\" href=\"https:\/\/salonlfcrivenord.com\/en\/2026\/03\/30\/raynald-fortier\/\" tabindex=\"-1\" >\n\t\t\t<div class=\"elementor-post__thumbnail\"><img loading=\"lazy\" decoding=\"async\" width=\"231\" height=\"300\" src=\"https:\/\/salonlfcrivenord.com\/wp-content\/uploads\/2026\/03\/PHOTO-RAYNALD-FORTIER-231x300.jpg\" class=\"attachment-medium size-medium wp-image-11318\" alt=\"\" srcset=\"https:\/\/salonlfcrivenord.com\/wp-content\/uploads\/2026\/03\/PHOTO-RAYNALD-FORTIER-231x300.jpg 231w, https:\/\/salonlfcrivenord.com\/wp-content\/uploads\/2026\/03\/PHOTO-RAYNALD-FORTIER-787x1024.jpg 787w, https:\/\/salonlfcrivenord.com\/wp-content\/uploads\/2026\/03\/PHOTO-RAYNALD-FORTIER-768x999.jpg 768w, https:\/\/salonlfcrivenord.com\/wp-content\/uploads\/2026\/03\/PHOTO-RAYNALD-FORTIER-9x12.jpg 9w, https:\/\/salonlfcrivenord.com\/wp-content\/uploads\/2026\/03\/PHOTO-RAYNALD-FORTIER-600x780.jpg 600w, https:\/\/salonlfcrivenord.com\/wp-content\/uploads\/2026\/03\/PHOTO-RAYNALD-FORTIER.jpg 848w\" sizes=\"(max-width: 231px) 100vw, 231px\" \/><\/div>\n\t\t<\/a>\n\t\t\t\t<div class=\"elementor-post__text\">\n\t\t\t\t<h3 class=\"elementor-post__title\">\n\t\t\t<a href=\"https:\/\/salonlfcrivenord.com\/en\/2026\/03\/30\/raynald-fortier\/\" >\n\t\t\t\tRaynald Fortier\t\t\t<\/a>\n\t\t<\/h3>\n\t\t\t\t<div class=\"elementor-post__meta-data\">\n\t\t\t\t\t<span class=\"elementor-post-date\">\n\t\t\tMarch 30, 2026\t\t<\/span>\n\t\t\t\t<\/div>\n\t\t\n\t\t<a class=\"elementor-post__read-more\" href=\"https:\/\/salonlfcrivenord.com\/en\/2026\/03\/30\/raynald-fortier\/\" aria-label=\"Read more about Raynald Fortier\" tabindex=\"-1\" >\n\t\t\tView obituary \u00bb\t\t<\/a>\n\n\t\t\t\t<\/div>\n\t\t\t\t<\/article>\n\t\t\t\t<article class=\"elementor-post elementor-grid-item post-11311 post type-post status-publish format-standard has-post-thumbnail hentry category-uncategorized\">\n\t\t\t\t<a class=\"elementor-post__thumbnail__link\" href=\"https:\/\/salonlfcrivenord.com\/en\/2026\/03\/27\/suzanne-berthiaume\/\" tabindex=\"-1\" >\n\t\t\t<div class=\"elementor-post__thumbnail\"><img loading=\"lazy\" decoding=\"async\" width=\"223\" height=\"300\" src=\"https:\/\/salonlfcrivenord.com\/wp-content\/uploads\/2026\/03\/photo-suzanne-berthiaume-223x300.jpg\" class=\"attachment-medium size-medium wp-image-11312\" alt=\"\" srcset=\"https:\/\/salonlfcrivenord.com\/wp-content\/uploads\/2026\/03\/photo-suzanne-berthiaume-223x300.jpg 223w, https:\/\/salonlfcrivenord.com\/wp-content\/uploads\/2026\/03\/photo-suzanne-berthiaume-9x12.jpg 9w, https:\/\/salonlfcrivenord.com\/wp-content\/uploads\/2026\/03\/photo-suzanne-berthiaume-600x807.jpg 600w, https:\/\/salonlfcrivenord.com\/wp-content\/uploads\/2026\/03\/photo-suzanne-berthiaume.jpg 717w\" sizes=\"(max-width: 223px) 100vw, 223px\" \/><\/div>\n\t\t<\/a>\n\t\t\t\t<div class=\"elementor-post__text\">\n\t\t\t\t<h3 class=\"elementor-post__title\">\n\t\t\t<a href=\"https:\/\/salonlfcrivenord.com\/en\/2026\/03\/27\/suzanne-berthiaume\/\" >\n\t\t\t\tSuzanne Berthiaume\t\t\t<\/a>\n\t\t<\/h3>\n\t\t\t\t<div class=\"elementor-post__meta-data\">\n\t\t\t\t\t<span class=\"elementor-post-date\">\n\t\t\tMarch 27, 2026\t\t<\/span>\n\t\t\t\t<\/div>\n\t\t\n\t\t<a class=\"elementor-post__read-more\" href=\"https:\/\/salonlfcrivenord.com\/en\/2026\/03\/27\/suzanne-berthiaume\/\" aria-label=\"Read more about Suzanne Berthiaume\" tabindex=\"-1\" >\n\t\t\tView obituary \u00bb\t\t<\/a>\n\n\t\t\t\t<\/div>\n\t\t\t\t<\/article>\n\t\t\t\t<article class=\"elementor-post elementor-grid-item post-11305 post type-post status-publish format-standard has-post-thumbnail hentry category-uncategorized\">\n\t\t\t\t<a class=\"elementor-post__thumbnail__link\" href=\"https:\/\/salonlfcrivenord.com\/en\/2026\/03\/27\/francoise-savary-trudel\/\" tabindex=\"-1\" >\n\t\t\t<div class=\"elementor-post__thumbnail\"><img loading=\"lazy\" decoding=\"async\" width=\"233\" height=\"300\" src=\"https:\/\/salonlfcrivenord.com\/wp-content\/uploads\/2026\/03\/PHOTO-FRANCOISE-SAVARY-233x300.jpg\" class=\"attachment-medium size-medium wp-image-11306\" alt=\"\" srcset=\"https:\/\/salonlfcrivenord.com\/wp-content\/uploads\/2026\/03\/PHOTO-FRANCOISE-SAVARY-233x300.jpg 233w, https:\/\/salonlfcrivenord.com\/wp-content\/uploads\/2026\/03\/PHOTO-FRANCOISE-SAVARY-796x1024.jpg 796w, https:\/\/salonlfcrivenord.com\/wp-content\/uploads\/2026\/03\/PHOTO-FRANCOISE-SAVARY-768x988.jpg 768w, https:\/\/salonlfcrivenord.com\/wp-content\/uploads\/2026\/03\/PHOTO-FRANCOISE-SAVARY-1194x1536.jpg 1194w, https:\/\/salonlfcrivenord.com\/wp-content\/uploads\/2026\/03\/PHOTO-FRANCOISE-SAVARY-1593x2048.jpg 1593w, https:\/\/salonlfcrivenord.com\/wp-content\/uploads\/2026\/03\/PHOTO-FRANCOISE-SAVARY-9x12.jpg 9w, https:\/\/salonlfcrivenord.com\/wp-content\/uploads\/2026\/03\/PHOTO-FRANCOISE-SAVARY-600x772.jpg 600w, https:\/\/salonlfcrivenord.com\/wp-content\/uploads\/2026\/03\/PHOTO-FRANCOISE-SAVARY.jpg 1920w\" sizes=\"(max-width: 233px) 100vw, 233px\" \/><\/div>\n\t\t<\/a>\n\t\t\t\t<div class=\"elementor-post__text\">\n\t\t\t\t<h3 class=\"elementor-post__title\">\n\t\t\t<a href=\"https:\/\/salonlfcrivenord.com\/en\/2026\/03\/27\/francoise-savary-trudel\/\" >\n\t\t\t\tFran\u00e7oise Savary (Trudel)\t\t\t<\/a>\n\t\t<\/h3>\n\t\t\t\t<div class=\"elementor-post__meta-data\">\n\t\t\t\t\t<span class=\"elementor-post-date\">\n\t\t\tMarch 27, 2026\t\t<\/span>\n\t\t\t\t<\/div>\n\t\t\n\t\t<a class=\"elementor-post__read-more\" href=\"https:\/\/salonlfcrivenord.com\/en\/2026\/03\/27\/francoise-savary-trudel\/\" aria-label=\"Read more about Fran\u00e7oise Savary (Trudel)\" tabindex=\"-1\" >\n\t\t\tView obituary \u00bb\t\t<\/a>\n\n\t\t\t\t<\/div>\n\t\t\t\t<\/article>\n\t\t\t\t<article class=\"elementor-post elementor-grid-item post-11298 post type-post status-publish format-standard has-post-thumbnail hentry category-uncategorized\">\n\t\t\t\t<a class=\"elementor-post__thumbnail__link\" href=\"https:\/\/salonlfcrivenord.com\/en\/2026\/03\/26\/anastasia-plarinou\/\" tabindex=\"-1\" >\n\t\t\t<div class=\"elementor-post__thumbnail\"><img loading=\"lazy\" decoding=\"async\" width=\"300\" height=\"300\" src=\"https:\/\/salonlfcrivenord.com\/wp-content\/uploads\/2026\/03\/PHOTO-ANASTASIA-300x300.jpg\" class=\"attachment-medium size-medium wp-image-11299\" alt=\"\" srcset=\"https:\/\/salonlfcrivenord.com\/wp-content\/uploads\/2026\/03\/PHOTO-ANASTASIA-300x300.jpg 300w, https:\/\/salonlfcrivenord.com\/wp-content\/uploads\/2026\/03\/PHOTO-ANASTASIA-150x150.jpg 150w, https:\/\/salonlfcrivenord.com\/wp-content\/uploads\/2026\/03\/PHOTO-ANASTASIA-768x768.jpg 768w, https:\/\/salonlfcrivenord.com\/wp-content\/uploads\/2026\/03\/PHOTO-ANASTASIA-12x12.jpg 12w, https:\/\/salonlfcrivenord.com\/wp-content\/uploads\/2026\/03\/PHOTO-ANASTASIA-600x600.jpg 600w, https:\/\/salonlfcrivenord.com\/wp-content\/uploads\/2026\/03\/PHOTO-ANASTASIA-100x100.jpg 100w, https:\/\/salonlfcrivenord.com\/wp-content\/uploads\/2026\/03\/PHOTO-ANASTASIA.jpg 932w\" sizes=\"(max-width: 300px) 100vw, 300px\" \/><\/div>\n\t\t<\/a>\n\t\t\t\t<div class=\"elementor-post__text\">\n\t\t\t\t<h3 class=\"elementor-post__title\">\n\t\t\t<a href=\"https:\/\/salonlfcrivenord.com\/en\/2026\/03\/26\/anastasia-plarinou\/\" >\n\t\t\t\tAnastasia Plarinou\t\t\t<\/a>\n\t\t<\/h3>\n\t\t\t\t<div class=\"elementor-post__meta-data\">\n\t\t\t\t\t<span class=\"elementor-post-date\">\n\t\t\tMarch 26, 2026\t\t<\/span>\n\t\t\t\t<\/div>\n\t\t\n\t\t<a class=\"elementor-post__read-more\" href=\"https:\/\/salonlfcrivenord.com\/en\/2026\/03\/26\/anastasia-plarinou\/\" aria-label=\"Read more about Anastasia Plarinou\" tabindex=\"-1\" >\n\t\t\tView obituary \u00bb\t\t<\/a>\n\n\t\t\t\t<\/div>\n\t\t\t\t<\/article>\n\t\t\t\t<article class=\"elementor-post elementor-grid-item post-11291 post type-post status-publish format-standard has-post-thumbnail hentry category-uncategorized\">\n\t\t\t\t<a class=\"elementor-post__thumbnail__link\" href=\"https:\/\/salonlfcrivenord.com\/en\/2026\/03\/24\/ting-wai-kwok\/\" tabindex=\"-1\" >\n\t\t\t<div class=\"elementor-post__thumbnail\"><img loading=\"lazy\" decoding=\"async\" width=\"300\" height=\"292\" src=\"https:\/\/salonlfcrivenord.com\/wp-content\/uploads\/2026\/03\/PHOTO-Ting-Wai-Kwok-300x292.jpg\" class=\"attachment-medium size-medium wp-image-11292\" alt=\"\" srcset=\"https:\/\/salonlfcrivenord.com\/wp-content\/uploads\/2026\/03\/PHOTO-Ting-Wai-Kwok-300x292.jpg 300w, https:\/\/salonlfcrivenord.com\/wp-content\/uploads\/2026\/03\/PHOTO-Ting-Wai-Kwok-768x747.jpg 768w, https:\/\/salonlfcrivenord.com\/wp-content\/uploads\/2026\/03\/PHOTO-Ting-Wai-Kwok-12x12.jpg 12w, https:\/\/salonlfcrivenord.com\/wp-content\/uploads\/2026\/03\/PHOTO-Ting-Wai-Kwok-600x584.jpg 600w, https:\/\/salonlfcrivenord.com\/wp-content\/uploads\/2026\/03\/PHOTO-Ting-Wai-Kwok.jpg 804w\" sizes=\"(max-width: 300px) 100vw, 300px\" \/><\/div>\n\t\t<\/a>\n\t\t\t\t<div class=\"elementor-post__text\">\n\t\t\t\t<h3 class=\"elementor-post__title\">\n\t\t\t<a href=\"https:\/\/salonlfcrivenord.com\/en\/2026\/03\/24\/ting-wai-kwok\/\" >\n\t\t\t\tTing Wai Kwok\t\t\t<\/a>\n\t\t<\/h3>\n\t\t\t\t<div class=\"elementor-post__meta-data\">\n\t\t\t\t\t<span class=\"elementor-post-date\">\n\t\t\tMarch 24, 2026\t\t<\/span>\n\t\t\t\t<\/div>\n\t\t\n\t\t<a class=\"elementor-post__read-more\" href=\"https:\/\/salonlfcrivenord.com\/en\/2026\/03\/24\/ting-wai-kwok\/\" aria-label=\"Read more about Ting Wai Kwok\" tabindex=\"-1\" >\n\t\t\tView obituary \u00bb\t\t<\/a>\n\n\t\t\t\t<\/div>\n\t\t\t\t<\/article>\n\t\t\t\t<article class=\"elementor-post elementor-grid-item post-11285 post type-post status-publish format-standard has-post-thumbnail hentry category-uncategorized\">\n\t\t\t\t<a class=\"elementor-post__thumbnail__link\" href=\"https:\/\/salonlfcrivenord.com\/en\/2026\/03\/23\/robert-coutu\/\" tabindex=\"-1\" >\n\t\t\t<div class=\"elementor-post__thumbnail\"><img loading=\"lazy\" decoding=\"async\" width=\"252\" height=\"300\" src=\"https:\/\/salonlfcrivenord.com\/wp-content\/uploads\/2026\/03\/PHOTO-ROBERT-COUTU-252x300.jpg\" class=\"attachment-medium size-medium wp-image-11286\" alt=\"\" srcset=\"https:\/\/salonlfcrivenord.com\/wp-content\/uploads\/2026\/03\/PHOTO-ROBERT-COUTU-252x300.jpg 252w, https:\/\/salonlfcrivenord.com\/wp-content\/uploads\/2026\/03\/PHOTO-ROBERT-COUTU-10x12.jpg 10w, https:\/\/salonlfcrivenord.com\/wp-content\/uploads\/2026\/03\/PHOTO-ROBERT-COUTU.jpg 550w\" sizes=\"(max-width: 252px) 100vw, 252px\" \/><\/div>\n\t\t<\/a>\n\t\t\t\t<div class=\"elementor-post__text\">\n\t\t\t\t<h3 class=\"elementor-post__title\">\n\t\t\t<a href=\"https:\/\/salonlfcrivenord.com\/en\/2026\/03\/23\/robert-coutu\/\" >\n\t\t\t\tRobert Coutu\t\t\t<\/a>\n\t\t<\/h3>\n\t\t\t\t<div class=\"elementor-post__meta-data\">\n\t\t\t\t\t<span class=\"elementor-post-date\">\n\t\t\tMarch 23, 2026\t\t<\/span>\n\t\t\t\t<\/div>\n\t\t\n\t\t<a class=\"elementor-post__read-more\" href=\"https:\/\/salonlfcrivenord.com\/en\/2026\/03\/23\/robert-coutu\/\" aria-label=\"Read more about Robert Coutu\" tabindex=\"-1\" >\n\t\t\tView obituary \u00bb\t\t<\/a>\n\n\t\t\t\t<\/div>\n\t\t\t\t<\/article>\n\t\t\t\t<article class=\"elementor-post elementor-grid-item post-11279 post type-post status-publish format-standard has-post-thumbnail hentry category-uncategorized\">\n\t\t\t\t<a class=\"elementor-post__thumbnail__link\" href=\"https:\/\/salonlfcrivenord.com\/en\/2026\/03\/19\/pierre-perrier\/\" tabindex=\"-1\" >\n\t\t\t<div class=\"elementor-post__thumbnail\"><img loading=\"lazy\" decoding=\"async\" width=\"233\" height=\"300\" src=\"https:\/\/salonlfcrivenord.com\/wp-content\/uploads\/2026\/03\/PHOTO-PIERRE-PERRIER-233x300.jpg\" class=\"attachment-medium size-medium wp-image-11280\" alt=\"\" srcset=\"https:\/\/salonlfcrivenord.com\/wp-content\/uploads\/2026\/03\/PHOTO-PIERRE-PERRIER-233x300.jpg 233w, https:\/\/salonlfcrivenord.com\/wp-content\/uploads\/2026\/03\/PHOTO-PIERRE-PERRIER-795x1024.jpg 795w, https:\/\/salonlfcrivenord.com\/wp-content\/uploads\/2026\/03\/PHOTO-PIERRE-PERRIER-768x989.jpg 768w, https:\/\/salonlfcrivenord.com\/wp-content\/uploads\/2026\/03\/PHOTO-PIERRE-PERRIER-1193x1536.jpg 1193w, https:\/\/salonlfcrivenord.com\/wp-content\/uploads\/2026\/03\/PHOTO-PIERRE-PERRIER-9x12.jpg 9w, https:\/\/salonlfcrivenord.com\/wp-content\/uploads\/2026\/03\/PHOTO-PIERRE-PERRIER-600x772.jpg 600w, https:\/\/salonlfcrivenord.com\/wp-content\/uploads\/2026\/03\/PHOTO-PIERRE-PERRIER.jpg 1260w\" sizes=\"(max-width: 233px) 100vw, 233px\" \/><\/div>\n\t\t<\/a>\n\t\t\t\t<div class=\"elementor-post__text\">\n\t\t\t\t<h3 class=\"elementor-post__title\">\n\t\t\t<a href=\"https:\/\/salonlfcrivenord.com\/en\/2026\/03\/19\/pierre-perrier\/\" >\n\t\t\t\tPierre Perrier\t\t\t<\/a>\n\t\t<\/h3>\n\t\t\t\t<div class=\"elementor-post__meta-data\">\n\t\t\t\t\t<span class=\"elementor-post-date\">\n\t\t\tMarch 19, 2026\t\t<\/span>\n\t\t\t\t<\/div>\n\t\t\n\t\t<a class=\"elementor-post__read-more\" href=\"https:\/\/salonlfcrivenord.com\/en\/2026\/03\/19\/pierre-perrier\/\" aria-label=\"Read more about Pierre Perrier\" tabindex=\"-1\" >\n\t\t\tView obituary \u00bb\t\t<\/a>\n\n\t\t\t\t<\/div>\n\t\t\t\t<\/article>\n\t\t\t\t<article class=\"elementor-post elementor-grid-item post-11272 post type-post status-publish format-standard has-post-thumbnail hentry category-uncategorized\">\n\t\t\t\t<a class=\"elementor-post__thumbnail__link\" href=\"https:\/\/salonlfcrivenord.com\/en\/2026\/03\/16\/jocelyne-demers\/\" tabindex=\"-1\" >\n\t\t\t<div class=\"elementor-post__thumbnail\"><img loading=\"lazy\" decoding=\"async\" width=\"300\" height=\"300\" src=\"https:\/\/salonlfcrivenord.com\/wp-content\/uploads\/2026\/03\/PHOTO-JOCELYNE-DEMERS-300x300.jpg\" class=\"attachment-medium size-medium wp-image-11273\" alt=\"\" srcset=\"https:\/\/salonlfcrivenord.com\/wp-content\/uploads\/2026\/03\/PHOTO-JOCELYNE-DEMERS-300x300.jpg 300w, https:\/\/salonlfcrivenord.com\/wp-content\/uploads\/2026\/03\/PHOTO-JOCELYNE-DEMERS-150x150.jpg 150w, https:\/\/salonlfcrivenord.com\/wp-content\/uploads\/2026\/03\/PHOTO-JOCELYNE-DEMERS-768x768.jpg 768w, https:\/\/salonlfcrivenord.com\/wp-content\/uploads\/2026\/03\/PHOTO-JOCELYNE-DEMERS-12x12.jpg 12w, https:\/\/salonlfcrivenord.com\/wp-content\/uploads\/2026\/03\/PHOTO-JOCELYNE-DEMERS-600x600.jpg 600w, https:\/\/salonlfcrivenord.com\/wp-content\/uploads\/2026\/03\/PHOTO-JOCELYNE-DEMERS-100x100.jpg 100w, https:\/\/salonlfcrivenord.com\/wp-content\/uploads\/2026\/03\/PHOTO-JOCELYNE-DEMERS.jpg 932w\" sizes=\"(max-width: 300px) 100vw, 300px\" \/><\/div>\n\t\t<\/a>\n\t\t\t\t<div class=\"elementor-post__text\">\n\t\t\t\t<h3 class=\"elementor-post__title\">\n\t\t\t<a href=\"https:\/\/salonlfcrivenord.com\/en\/2026\/03\/16\/jocelyne-demers\/\" >\n\t\t\t\tJocelyne Demers\t\t\t<\/a>\n\t\t<\/h3>\n\t\t\t\t<div class=\"elementor-post__meta-data\">\n\t\t\t\t\t<span class=\"elementor-post-date\">\n\t\t\tMarch 16, 2026\t\t<\/span>\n\t\t\t\t<\/div>\n\t\t\n\t\t<a class=\"elementor-post__read-more\" href=\"https:\/\/salonlfcrivenord.com\/en\/2026\/03\/16\/jocelyne-demers\/\" aria-label=\"Read more about Jocelyne Demers\" tabindex=\"-1\" >\n\t\t\tView obituary \u00bb\t\t<\/a>\n\n\t\t\t\t<\/div>\n\t\t\t\t<\/article>\n\t\t\t\t<article class=\"elementor-post elementor-grid-item post-11260 post type-post status-publish format-standard has-post-thumbnail hentry category-uncategorized\">\n\t\t\t\t<a class=\"elementor-post__thumbnail__link\" href=\"https:\/\/salonlfcrivenord.com\/en\/2026\/03\/10\/jeanne-darc-lamont\/\" tabindex=\"-1\" >\n\t\t\t<div class=\"elementor-post__thumbnail\"><img loading=\"lazy\" decoding=\"async\" width=\"300\" height=\"300\" src=\"https:\/\/salonlfcrivenord.com\/wp-content\/uploads\/2026\/03\/PHOTO-JEANNE-DARC-LAMONT-300x300.jpg\" class=\"attachment-medium size-medium wp-image-11261\" alt=\"\" srcset=\"https:\/\/salonlfcrivenord.com\/wp-content\/uploads\/2026\/03\/PHOTO-JEANNE-DARC-LAMONT-300x300.jpg 300w, https:\/\/salonlfcrivenord.com\/wp-content\/uploads\/2026\/03\/PHOTO-JEANNE-DARC-LAMONT-150x150.jpg 150w, https:\/\/salonlfcrivenord.com\/wp-content\/uploads\/2026\/03\/PHOTO-JEANNE-DARC-LAMONT-768x768.jpg 768w, https:\/\/salonlfcrivenord.com\/wp-content\/uploads\/2026\/03\/PHOTO-JEANNE-DARC-LAMONT-12x12.jpg 12w, https:\/\/salonlfcrivenord.com\/wp-content\/uploads\/2026\/03\/PHOTO-JEANNE-DARC-LAMONT-600x600.jpg 600w, https:\/\/salonlfcrivenord.com\/wp-content\/uploads\/2026\/03\/PHOTO-JEANNE-DARC-LAMONT-100x100.jpg 100w, https:\/\/salonlfcrivenord.com\/wp-content\/uploads\/2026\/03\/PHOTO-JEANNE-DARC-LAMONT.jpg 932w\" sizes=\"(max-width: 300px) 100vw, 300px\" \/><\/div>\n\t\t<\/a>\n\t\t\t\t<div class=\"elementor-post__text\">\n\t\t\t\t<h3 class=\"elementor-post__title\">\n\t\t\t<a href=\"https:\/\/salonlfcrivenord.com\/en\/2026\/03\/10\/jeanne-darc-lamont\/\" >\n\t\t\t\tJeanne d&rsquo;Arc Lamont\t\t\t<\/a>\n\t\t<\/h3>\n\t\t\t\t<div class=\"elementor-post__meta-data\">\n\t\t\t\t\t<span class=\"elementor-post-date\">\n\t\t\tMarch 10, 2026\t\t<\/span>\n\t\t\t\t<\/div>\n\t\t\n\t\t<a class=\"elementor-post__read-more\" href=\"https:\/\/salonlfcrivenord.com\/en\/2026\/03\/10\/jeanne-darc-lamont\/\" aria-label=\"Read more about Jeanne d&rsquo;Arc Lamont\" tabindex=\"-1\" >\n\t\t\tView obituary \u00bb\t\t<\/a>\n\n\t\t\t\t<\/div>\n\t\t\t\t<\/article>\n\t\t\t\t<article class=\"elementor-post elementor-grid-item post-11254 post type-post status-publish format-standard has-post-thumbnail hentry category-uncategorized\">\n\t\t\t\t<a class=\"elementor-post__thumbnail__link\" href=\"https:\/\/salonlfcrivenord.com\/en\/2026\/03\/10\/pierrette-levac\/\" tabindex=\"-1\" >\n\t\t\t<div class=\"elementor-post__thumbnail\"><img loading=\"lazy\" decoding=\"async\" width=\"207\" height=\"300\" src=\"https:\/\/salonlfcrivenord.com\/wp-content\/uploads\/2026\/03\/PHOTO-PIERRETTE-LEVAC-207x300.jpg\" class=\"attachment-medium size-medium wp-image-11255\" alt=\"\" srcset=\"https:\/\/salonlfcrivenord.com\/wp-content\/uploads\/2026\/03\/PHOTO-PIERRETTE-LEVAC-207x300.jpg 207w, https:\/\/salonlfcrivenord.com\/wp-content\/uploads\/2026\/03\/PHOTO-PIERRETTE-LEVAC-8x12.jpg 8w, https:\/\/salonlfcrivenord.com\/wp-content\/uploads\/2026\/03\/PHOTO-PIERRETTE-LEVAC.jpg 245w\" sizes=\"(max-width: 207px) 100vw, 207px\" \/><\/div>\n\t\t<\/a>\n\t\t\t\t<div class=\"elementor-post__text\">\n\t\t\t\t<h3 class=\"elementor-post__title\">\n\t\t\t<a href=\"https:\/\/salonlfcrivenord.com\/en\/2026\/03\/10\/pierrette-levac\/\" >\n\t\t\t\tPierrette Levac\t\t\t<\/a>\n\t\t<\/h3>\n\t\t\t\t<div class=\"elementor-post__meta-data\">\n\t\t\t\t\t<span class=\"elementor-post-date\">\n\t\t\tMarch 10, 2026\t\t<\/span>\n\t\t\t\t<\/div>\n\t\t\n\t\t<a class=\"elementor-post__read-more\" href=\"https:\/\/salonlfcrivenord.com\/en\/2026\/03\/10\/pierrette-levac\/\" aria-label=\"Read more about Pierrette Levac\" tabindex=\"-1\" >\n\t\t\tView obituary \u00bb\t\t<\/a>\n\n\t\t\t\t<\/div>\n\t\t\t\t<\/article>\n\t\t\t\t<article class=\"elementor-post elementor-grid-item post-11245 post type-post status-publish format-standard has-post-thumbnail hentry category-uncategorized\">\n\t\t\t\t<a class=\"elementor-post__thumbnail__link\" href=\"https:\/\/salonlfcrivenord.com\/en\/2026\/03\/06\/francine-beaulieu\/\" tabindex=\"-1\" >\n\t\t\t<div class=\"elementor-post__thumbnail\"><img loading=\"lazy\" decoding=\"async\" width=\"232\" height=\"300\" src=\"https:\/\/salonlfcrivenord.com\/wp-content\/uploads\/2026\/03\/Francine-Beaulieu-232x300.jpg\" class=\"attachment-medium size-medium wp-image-11247\" alt=\"\" srcset=\"https:\/\/salonlfcrivenord.com\/wp-content\/uploads\/2026\/03\/Francine-Beaulieu-232x300.jpg 232w, https:\/\/salonlfcrivenord.com\/wp-content\/uploads\/2026\/03\/Francine-Beaulieu-792x1024.jpg 792w, https:\/\/salonlfcrivenord.com\/wp-content\/uploads\/2026\/03\/Francine-Beaulieu-768x993.jpg 768w, https:\/\/salonlfcrivenord.com\/wp-content\/uploads\/2026\/03\/Francine-Beaulieu-1188x1536.jpg 1188w, https:\/\/salonlfcrivenord.com\/wp-content\/uploads\/2026\/03\/Francine-Beaulieu-1583x2048.jpg 1583w, https:\/\/salonlfcrivenord.com\/wp-content\/uploads\/2026\/03\/Francine-Beaulieu-9x12.jpg 9w, https:\/\/salonlfcrivenord.com\/wp-content\/uploads\/2026\/03\/Francine-Beaulieu-600x776.jpg 600w, https:\/\/salonlfcrivenord.com\/wp-content\/uploads\/2026\/03\/Francine-Beaulieu-scaled.jpg 1979w\" sizes=\"(max-width: 232px) 100vw, 232px\" \/><\/div>\n\t\t<\/a>\n\t\t\t\t<div class=\"elementor-post__text\">\n\t\t\t\t<h3 class=\"elementor-post__title\">\n\t\t\t<a href=\"https:\/\/salonlfcrivenord.com\/en\/2026\/03\/06\/francine-beaulieu\/\" >\n\t\t\t\tFrancine Beaulieu\t\t\t<\/a>\n\t\t<\/h3>\n\t\t\t\t<div class=\"elementor-post__meta-data\">\n\t\t\t\t\t<span class=\"elementor-post-date\">\n\t\t\tMarch 6, 2026\t\t<\/span>\n\t\t\t\t<\/div>\n\t\t\n\t\t<a class=\"elementor-post__read-more\" href=\"https:\/\/salonlfcrivenord.com\/en\/2026\/03\/06\/francine-beaulieu\/\" aria-label=\"Read more about Francine Beaulieu\" tabindex=\"-1\" >\n\t\t\tView obituary \u00bb\t\t<\/a>\n\n\t\t\t\t<\/div>\n\t\t\t\t<\/article>\n\t\t\t\t<article class=\"elementor-post elementor-grid-item post-11238 post type-post status-publish format-standard has-post-thumbnail hentry category-uncategorized\">\n\t\t\t\t<a class=\"elementor-post__thumbnail__link\" href=\"https:\/\/salonlfcrivenord.com\/en\/2026\/03\/06\/lise-tremblay\/\" tabindex=\"-1\" >\n\t\t\t<div class=\"elementor-post__thumbnail\"><img loading=\"lazy\" decoding=\"async\" width=\"300\" height=\"300\" src=\"https:\/\/salonlfcrivenord.com\/wp-content\/uploads\/2026\/03\/Lise-Tremblay-300x300.jpg\" class=\"attachment-medium size-medium wp-image-11240\" alt=\"\" srcset=\"https:\/\/salonlfcrivenord.com\/wp-content\/uploads\/2026\/03\/Lise-Tremblay-300x300.jpg 300w, https:\/\/salonlfcrivenord.com\/wp-content\/uploads\/2026\/03\/Lise-Tremblay-150x150.jpg 150w, https:\/\/salonlfcrivenord.com\/wp-content\/uploads\/2026\/03\/Lise-Tremblay-768x768.jpg 768w, https:\/\/salonlfcrivenord.com\/wp-content\/uploads\/2026\/03\/Lise-Tremblay-12x12.jpg 12w, https:\/\/salonlfcrivenord.com\/wp-content\/uploads\/2026\/03\/Lise-Tremblay-600x600.jpg 600w, https:\/\/salonlfcrivenord.com\/wp-content\/uploads\/2026\/03\/Lise-Tremblay-100x100.jpg 100w, https:\/\/salonlfcrivenord.com\/wp-content\/uploads\/2026\/03\/Lise-Tremblay.jpg 932w\" sizes=\"(max-width: 300px) 100vw, 300px\" \/><\/div>\n\t\t<\/a>\n\t\t\t\t<div class=\"elementor-post__text\">\n\t\t\t\t<h3 class=\"elementor-post__title\">\n\t\t\t<a href=\"https:\/\/salonlfcrivenord.com\/en\/2026\/03\/06\/lise-tremblay\/\" >\n\t\t\t\tLise Tremblay\t\t\t<\/a>\n\t\t<\/h3>\n\t\t\t\t<div class=\"elementor-post__meta-data\">\n\t\t\t\t\t<span class=\"elementor-post-date\">\n\t\t\tMarch 6, 2026\t\t<\/span>\n\t\t\t\t<\/div>\n\t\t\n\t\t<a class=\"elementor-post__read-more\" href=\"https:\/\/salonlfcrivenord.com\/en\/2026\/03\/06\/lise-tremblay\/\" aria-label=\"Read more about Lise Tremblay\" tabindex=\"-1\" >\n\t\t\tView obituary \u00bb\t\t<\/a>\n\n\t\t\t\t<\/div>\n\t\t\t\t<\/article>\n\t\t\t\t<article class=\"elementor-post elementor-grid-item post-11229 post type-post status-publish format-standard has-post-thumbnail hentry category-uncategorized\">\n\t\t\t\t<a class=\"elementor-post__thumbnail__link\" href=\"https:\/\/salonlfcrivenord.com\/en\/2026\/03\/06\/gisele-messier\/\" tabindex=\"-1\" >\n\t\t\t<div class=\"elementor-post__thumbnail\"><img loading=\"lazy\" decoding=\"async\" width=\"300\" height=\"298\" src=\"https:\/\/salonlfcrivenord.com\/wp-content\/uploads\/2026\/03\/PHOTO-GISELE-MESSIER-300x298.jpg\" class=\"attachment-medium size-medium wp-image-11230\" alt=\"\" srcset=\"https:\/\/salonlfcrivenord.com\/wp-content\/uploads\/2026\/03\/PHOTO-GISELE-MESSIER-300x298.jpg 300w, https:\/\/salonlfcrivenord.com\/wp-content\/uploads\/2026\/03\/PHOTO-GISELE-MESSIER-1024x1018.jpg 1024w, https:\/\/salonlfcrivenord.com\/wp-content\/uploads\/2026\/03\/PHOTO-GISELE-MESSIER-150x150.jpg 150w, https:\/\/salonlfcrivenord.com\/wp-content\/uploads\/2026\/03\/PHOTO-GISELE-MESSIER-768x764.jpg 768w, https:\/\/salonlfcrivenord.com\/wp-content\/uploads\/2026\/03\/PHOTO-GISELE-MESSIER-1536x1527.jpg 1536w, https:\/\/salonlfcrivenord.com\/wp-content\/uploads\/2026\/03\/PHOTO-GISELE-MESSIER-12x12.jpg 12w, https:\/\/salonlfcrivenord.com\/wp-content\/uploads\/2026\/03\/PHOTO-GISELE-MESSIER-600x597.jpg 600w, https:\/\/salonlfcrivenord.com\/wp-content\/uploads\/2026\/03\/PHOTO-GISELE-MESSIER-100x100.jpg 100w, https:\/\/salonlfcrivenord.com\/wp-content\/uploads\/2026\/03\/PHOTO-GISELE-MESSIER.jpg 1920w\" sizes=\"(max-width: 300px) 100vw, 300px\" \/><\/div>\n\t\t<\/a>\n\t\t\t\t<div class=\"elementor-post__text\">\n\t\t\t\t<h3 class=\"elementor-post__title\">\n\t\t\t<a href=\"https:\/\/salonlfcrivenord.com\/en\/2026\/03\/06\/gisele-messier\/\" >\n\t\t\t\tGis\u00e8le Messier\t\t\t<\/a>\n\t\t<\/h3>\n\t\t\t\t<div class=\"elementor-post__meta-data\">\n\t\t\t\t\t<span class=\"elementor-post-date\">\n\t\t\tMarch 6, 2026\t\t<\/span>\n\t\t\t\t<\/div>\n\t\t\n\t\t<a class=\"elementor-post__read-more\" href=\"https:\/\/salonlfcrivenord.com\/en\/2026\/03\/06\/gisele-messier\/\" aria-label=\"Read more about Gis\u00e8le Messier\" tabindex=\"-1\" >\n\t\t\tView obituary \u00bb\t\t<\/a>\n\n\t\t\t\t<\/div>\n\t\t\t\t<\/article>\n\t\t\t\t<article class=\"elementor-post elementor-grid-item post-11223 post type-post status-publish format-standard has-post-thumbnail hentry category-uncategorized\">\n\t\t\t\t<a class=\"elementor-post__thumbnail__link\" href=\"https:\/\/salonlfcrivenord.com\/en\/2026\/03\/03\/claude-archambault\/\" tabindex=\"-1\" >\n\t\t\t<div class=\"elementor-post__thumbnail\"><img loading=\"lazy\" decoding=\"async\" width=\"193\" height=\"300\" src=\"https:\/\/salonlfcrivenord.com\/wp-content\/uploads\/2026\/03\/PHOTO-CLAUDE-ARCHAMBAULT-193x300.jpg\" class=\"attachment-medium size-medium wp-image-11224\" alt=\"\" srcset=\"https:\/\/salonlfcrivenord.com\/wp-content\/uploads\/2026\/03\/PHOTO-CLAUDE-ARCHAMBAULT-193x300.jpg 193w, https:\/\/salonlfcrivenord.com\/wp-content\/uploads\/2026\/03\/PHOTO-CLAUDE-ARCHAMBAULT-658x1024.jpg 658w, https:\/\/salonlfcrivenord.com\/wp-content\/uploads\/2026\/03\/PHOTO-CLAUDE-ARCHAMBAULT-8x12.jpg 8w, https:\/\/salonlfcrivenord.com\/wp-content\/uploads\/2026\/03\/PHOTO-CLAUDE-ARCHAMBAULT-600x934.jpg 600w, https:\/\/salonlfcrivenord.com\/wp-content\/uploads\/2026\/03\/PHOTO-CLAUDE-ARCHAMBAULT.jpg 750w\" sizes=\"(max-width: 193px) 100vw, 193px\" \/><\/div>\n\t\t<\/a>\n\t\t\t\t<div class=\"elementor-post__text\">\n\t\t\t\t<h3 class=\"elementor-post__title\">\n\t\t\t<a href=\"https:\/\/salonlfcrivenord.com\/en\/2026\/03\/03\/claude-archambault\/\" >\n\t\t\t\tClaude Archambault\t\t\t<\/a>\n\t\t<\/h3>\n\t\t\t\t<div class=\"elementor-post__meta-data\">\n\t\t\t\t\t<span class=\"elementor-post-date\">\n\t\t\tMarch 3, 2026\t\t<\/span>\n\t\t\t\t<\/div>\n\t\t\n\t\t<a class=\"elementor-post__read-more\" href=\"https:\/\/salonlfcrivenord.com\/en\/2026\/03\/03\/claude-archambault\/\" aria-label=\"Read more about Claude Archambault\" tabindex=\"-1\" >\n\t\t\tView obituary \u00bb\t\t<\/a>\n\n\t\t\t\t<\/div>\n\t\t\t\t<\/article>\n\t\t\t\t<\/div>\n\t\t\n\t\t\t\t<div class=\"e-load-more-anchor\" data-page=\"1\" data-max-page=\"23\" data-next-page=\"https:\/\/salonlfcrivenord.com\/en\/wp-json\/wp\/v2\/pages\/3697\/page\/2\/\"><\/div>\n\t\t\t\t<nav class=\"elementor-pagination\" aria-label=\"Pagination\">\n\t\t\t<span aria-current=\"page\" class=\"page-numbers current\"><span class=\"elementor-screen-only\">Page<\/span>1<\/span>\n<a class=\"page-numbers\" href=\"https:\/\/salonlfcrivenord.com\/en\/wp-json\/wp\/v2\/pages\/3697\/page\/2\/?\"><span class=\"elementor-screen-only\">Page<\/span>2<\/a>\n<a class=\"page-numbers\" href=\"https:\/\/salonlfcrivenord.com\/en\/wp-json\/wp\/v2\/pages\/3697\/page\/3\/?\"><span class=\"elementor-screen-only\">Page<\/span>3<\/a>\n<a class=\"page-numbers\" href=\"https:\/\/salonlfcrivenord.com\/en\/wp-json\/wp\/v2\/pages\/3697\/page\/4\/?\"><span class=\"elementor-screen-only\">Page<\/span>4<\/a>\n<a class=\"page-numbers\" href=\"https:\/\/salonlfcrivenord.com\/en\/wp-json\/wp\/v2\/pages\/3697\/page\/5\/?\"><span class=\"elementor-screen-only\">Page<\/span>5<\/a>\n<a class=\"page-numbers\" href=\"https:\/\/salonlfcrivenord.com\/en\/wp-json\/wp\/v2\/pages\/3697\/page\/6\/?\"><span class=\"elementor-screen-only\">Page<\/span>6<\/a>\n<a class=\"page-numbers\" href=\"https:\/\/salonlfcrivenord.com\/en\/wp-json\/wp\/v2\/pages\/3697\/page\/7\/?\"><span class=\"elementor-screen-only\">Page<\/span>7<\/a>\n<a class=\"page-numbers\" href=\"https:\/\/salonlfcrivenord.com\/en\/wp-json\/wp\/v2\/pages\/3697\/page\/8\/?\"><span class=\"elementor-screen-only\">Page<\/span>8<\/a>\n<a class=\"page-numbers\" href=\"https:\/\/salonlfcrivenord.com\/en\/wp-json\/wp\/v2\/pages\/3697\/page\/9\/?\"><span class=\"elementor-screen-only\">Page<\/span>9<\/a>\n<a class=\"page-numbers\" href=\"https:\/\/salonlfcrivenord.com\/en\/wp-json\/wp\/v2\/pages\/3697\/page\/10\/?\"><span class=\"elementor-screen-only\">Page<\/span>10<\/a>\n<a class=\"page-numbers\" href=\"https:\/\/salonlfcrivenord.com\/en\/wp-json\/wp\/v2\/pages\/3697\/page\/11\/?\"><span class=\"elementor-screen-only\">Page<\/span>11<\/a>\n<a class=\"page-numbers\" href=\"https:\/\/salonlfcrivenord.com\/en\/wp-json\/wp\/v2\/pages\/3697\/page\/12\/?\"><span class=\"elementor-screen-only\">Page<\/span>12<\/a>\n<a class=\"page-numbers\" href=\"https:\/\/salonlfcrivenord.com\/en\/wp-json\/wp\/v2\/pages\/3697\/page\/13\/?\"><span class=\"elementor-screen-only\">Page<\/span>13<\/a>\n<a class=\"page-numbers\" href=\"https:\/\/salonlfcrivenord.com\/en\/wp-json\/wp\/v2\/pages\/3697\/page\/14\/?\"><span class=\"elementor-screen-only\">Page<\/span>14<\/a>\n<a class=\"page-numbers\" href=\"https:\/\/salonlfcrivenord.com\/en\/wp-json\/wp\/v2\/pages\/3697\/page\/15\/?\"><span class=\"elementor-screen-only\">Page<\/span>15<\/a>\n<a class=\"page-numbers\" href=\"https:\/\/salonlfcrivenord.com\/en\/wp-json\/wp\/v2\/pages\/3697\/page\/16\/?\"><span class=\"elementor-screen-only\">Page<\/span>16<\/a>\n<a class=\"page-numbers\" href=\"https:\/\/salonlfcrivenord.com\/en\/wp-json\/wp\/v2\/pages\/3697\/page\/17\/?\"><span class=\"elementor-screen-only\">Page<\/span>17<\/a>\n<a class=\"page-numbers\" href=\"https:\/\/salonlfcrivenord.com\/en\/wp-json\/wp\/v2\/pages\/3697\/page\/18\/?\"><span class=\"elementor-screen-only\">Page<\/span>18<\/a>\n<a class=\"page-numbers\" href=\"https:\/\/salonlfcrivenord.com\/en\/wp-json\/wp\/v2\/pages\/3697\/page\/19\/?\"><span class=\"elementor-screen-only\">Page<\/span>19<\/a>\n<a class=\"page-numbers\" href=\"https:\/\/salonlfcrivenord.com\/en\/wp-json\/wp\/v2\/pages\/3697\/page\/20\/?\"><span class=\"elementor-screen-only\">Page<\/span>20<\/a>\n<a class=\"page-numbers\" href=\"https:\/\/salonlfcrivenord.com\/en\/wp-json\/wp\/v2\/pages\/3697\/page\/21\/?\"><span class=\"elementor-screen-only\">Page<\/span>21<\/a>\n<a class=\"page-numbers\" href=\"https:\/\/salonlfcrivenord.com\/en\/wp-json\/wp\/v2\/pages\/3697\/page\/22\/?\"><span class=\"elementor-screen-only\">Page<\/span>22<\/a>\n<a class=\"page-numbers\" href=\"https:\/\/salonlfcrivenord.com\/en\/wp-json\/wp\/v2\/pages\/3697\/page\/23\/?\"><span class=\"elementor-screen-only\">Page<\/span>23<\/a>\t\t<\/nav>\n\t\t\t\t\t\t<\/div>\n\t\t\t\t<\/div>\n\t\t\t\t\t<\/div>\n\t\t<\/div>\n\t\t\t\t\t<\/div>\n\t\t<\/section>\n\t\t\t\t<\/div>","protected":false},"excerpt":{"rendered":"<p>Avis de d\u00e9c\u00e8s et condol\u00e9ances Trouver un avis de d\u00e9c\u00e8s Inscrire le nom de la personne dans la barre de<\/p>","protected":false},"author":1,"featured_media":0,"parent":0,"menu_order":0,"comment_status":"closed","ping_status":"closed","template":"elementor_header_footer","meta":{"_acf_changed":false,"footnotes":""},"class_list":["post-3697","page","type-page","status-publish","hentry"],"acf":[],"_links":{"self":[{"href":"https:\/\/salonlfcrivenord.com\/en\/wp-json\/wp\/v2\/pages\/3697","targetHints":{"allow":["GET"]}}],"collection":[{"href":"https:\/\/salonlfcrivenord.com\/en\/wp-json\/wp\/v2\/pages"}],"about":[{"href":"https:\/\/salonlfcrivenord.com\/en\/wp-json\/wp\/v2\/types\/page"}],"author":[{"embeddable":true,"href":"https:\/\/salonlfcrivenord.com\/en\/wp-json\/wp\/v2\/users\/1"}],"replies":[{"embeddable":true,"href":"https:\/\/salonlfcrivenord.com\/en\/wp-json\/wp\/v2\/comments?post=3697"}],"version-history":[{"count":18,"href":"https:\/\/salonlfcrivenord.com\/en\/wp-json\/wp\/v2\/pages\/3697\/revisions"}],"predecessor-version":[{"id":11071,"href":"https:\/\/salonlfcrivenord.com\/en\/wp-json\/wp\/v2\/pages\/3697\/revisions\/11071"}],"wp:attachment":[{"href":"https:\/\/salonlfcrivenord.com\/en\/wp-json\/wp\/v2\/media?parent=3697"}],"curies":[{"name":"wp","href":"https:\/\/api.w.org\/{rel}","templated":true}]}}